{"id":781,"date":"2017-02-09T08:45:13","date_gmt":"2017-02-09T08:45:13","guid":{"rendered":"http:\/\/dummy.xtemos.com\/basel\/vers\/?page_id=781"},"modified":"2024-01-28T06:04:03","modified_gmt":"2024-01-28T06:04:03","slug":"about-me","status":"publish","type":"page","link":"https:\/\/globalservices.lt\/en\/about-me\/","title":{"rendered":"Apie mus"},"content":{"rendered":"<div class=\"wpb-content-wrapper\"><div data-vc-full-width=\"true\" data-vc-full-width-init=\"false\" class=\"vc_row wpb_row vc_row-fluid vc_custom_1703757602918 vc_row-has-fill\"><div class=\"wpb_column vc_column_container vc_col-sm-6\"><div class=\"vc_column-inner\"><div class=\"wpb_wrapper\">\n\t<div class=\"wpb_text_column wpb_content_element\" >\n\t\t<div class=\"wpb_wrapper\">\n\t\t\t<p style=\"text-align: left;\"><strong>Kiekvien\u0105 dien\u0105 dirbame su aistra, pad\u0117dami savo klientams \u012fgyvendinti sud\u0117tingiausius projektus, kuri\u0173 svarbiausias aspektas yra kvalifikuot\u0173 ir tinkam\u0173 specialist\u0173 panaudojimas. <\/strong><\/p>\n<ul>\n<li style=\"text-align: left;\"><strong>J\u016bs\u0173 s\u0117km\u0117 \u2013 m\u016bs\u0173 tikslas.<\/strong><\/li>\n<\/ul>\n\n\t\t<\/div>\n\t<\/div>\n\n\t<div class=\"wpb_text_column wpb_content_element\" >\n\t\t<div class=\"wpb_wrapper\">\n\t\t\t<h4 style=\"text-align: left;\">Istorija<\/h4>\n<p style=\"text-align: left;\">&#8222;De Gilde Global Services&#8221; UAB yra Nyderland\u0173 karalyst\u0117je registruotos De Gilde Group \u012fmoni\u0173 grup\u0117s dalis.<\/p>\n<p style=\"text-align: left;\">Nuolat veikl\u0105 pl\u0117tojanti De Gilde Group nuo 2006 m. teikia personalo nuomos paslaugas Nyderland\u0173 pramon\u0117s, logistikos ir statybos \u012fmon\u0117ms, kurios ie\u0161ko motyvuot\u0173 ir technini\u0173 \u017eini\u0173 bei kvalifikacij\u0105 turin\u010di\u0173 darbuotoj\u0173.<\/p>\n<p style=\"text-align: left;\">Vienas i\u0161 pagrindini\u0173 m\u016bs\u0173\u00a0tiksl\u0173 yra tapti patikimu \u017emogi\u0161k\u0173j\u0173 i\u0161tekli\u0173 valdymo partneriu J\u016bs\u0173 \u012fmonei Lietuvoje ir u\u017esienyje teikiant laikinojo \u012fdarbinimo paslaugas, kurios leist\u0173 J\u016bs\u0173 \u012fmonei lanks\u010diai prisitaikyti prie besikei\u010dian\u010di\u0173 darbo rinkos s\u0105lyg\u0173.<\/p>\n\n\t\t<\/div>\n\t<\/div>\n<\/div><\/div><\/div><div class=\"wpb_column vc_column_container vc_col-sm-6\"><div class=\"vc_column-inner\"><div class=\"wpb_wrapper\">\n\t<div  class=\"wpb_single_image wpb_content_element vc_align_left\">\n\t\t\n\t\t<figure class=\"wpb_wrapper vc_figure\">\n\t\t\t<div class=\"vc_single_image-wrapper   vc_box_border_grey\"><img loading=\"lazy\" decoding=\"async\" width=\"600\" height=\"400\" src=\"https:\/\/globalservices.lt\/wp-content\/uploads\/2023\/12\/DGG_BOUW_foto-600x400-1.jpg\" class=\"vc_single_image-img attachment-full\" alt=\"\" title=\"\" srcset=\"https:\/\/globalservices.lt\/wp-content\/uploads\/2023\/12\/DGG_BOUW_foto-600x400-1.jpg 600w, https:\/\/globalservices.lt\/wp-content\/uploads\/2023\/12\/DGG_BOUW_foto-600x400-1-300x200.jpg 300w, https:\/\/globalservices.lt\/wp-content\/uploads\/2023\/12\/DGG_BOUW_foto-600x400-1-18x12.jpg 18w\" sizes=\"auto, (max-width: 600px) 100vw, 600px\" \/><\/div>\n\t\t<\/figure>\n\t<\/div>\n<\/div><\/div><\/div><\/div><div class=\"vc_row-full-width vc_clearfix\"><\/div><div class=\"vc_row wpb_row vc_row-fluid\"><div class=\"wpb_column vc_column_container vc_col-sm-6\"><div class=\"vc_column-inner\"><div class=\"wpb_wrapper\"><div class=\"vc_row wpb_row vc_inner vc_row-fluid\"><div class=\"wpb_column vc_column_container vc_col-sm-12\"><div class=\"vc_column-inner\"><div class=\"wpb_wrapper\">\n\t<div class=\"wpb_text_column wpb_content_element\" >\n\t\t<div class=\"wpb_wrapper\">\n\t\t\t<h4><strong>Teikiamos paslaugos:<\/strong><\/h4>\n<p><strong>Laikinasis \u012fdarbinimas (Personalo Nuoma)<\/strong><\/p>\n<ul>\n<li>Gaukite patikimus darbuotojus tik tuo laikotarpiu, kada j\u0173 reikia.<\/li>\n<\/ul>\n<p><strong>Darbuotoj\u0173 paie\u0161ka ir atranka<\/strong><\/p>\n<ul>\n<li>Surandame kvalifikuotus specialistus, u\u017etikrinsian\u010dius J\u016bs\u0173 \u012fmon\u0117s poreikius.<\/li>\n<\/ul>\n<p><strong>Darbuotoj\u0173 Administravimas (Payroll)<\/strong><\/p>\n<ul>\n<li>Palikite mums r\u016bpintis administravimu, o J\u016bs sutelkite d\u0117mes\u012f \u012f verslo augim\u0105.<\/li>\n<\/ul>\n<h4><strong>Kod\u0117l rinktis mus?<\/strong><\/h4>\n<p><strong>Greitas ir lankstus darbo j\u0117gos planavimas:<\/strong><\/p>\n<ul>\n<li>M\u016bs\u0173 patyrusi komanda operatyviai suranda ir pasi\u016blo Jums tr\u016bkstamus darbuotojus, suteikdama galimyb\u0119 J\u016bs\u0173 \u012fmonei efektyviai planuoti veiklos procesus.<\/li>\n<\/ul>\n<p><strong>Personalas pagal j\u016bs\u0173 poreikius:<\/strong><\/p>\n<ul>\n<li>Suprantame, kad kiekvieno verslo poreikiai yra unikal\u016bs. Mes pritaikome m\u016bs\u0173 paslaugas pagal specifinius J\u016bs\u0173 reikalavimus, u\u017etikrindami, kad gautum\u0117te b\u016btent tai, ko jums reikia.<\/li>\n<\/ul>\n<p><strong>Joki\u0173 papildom\u0173 \u012fsipareigojim\u0173:<\/strong><\/p>\n<ul>\n<li>Dirbame Jums \u2013 joki\u0173 ilgalaiki\u0173 \u012fsipareigojim\u0173 ar sunkiai valdom\u0173 sutar\u010di\u0173. Paslaugomis naudokit\u0117s tik tada, kada to reikia jums.<\/li>\n<\/ul>\n<p><em>Esame pasireng\u0119 tapti J\u016bs\u0173 partneriu verslo augimo kelyje. Susisiekite su mumis. Gaukite efektyv\u0173 sprendim\u0105 ir leiskite savo verslui \u017eygiuoti \u012f naujas auk\u0161tumas.<\/em><\/p>\n\n\t\t<\/div>\n\t<\/div>\n<\/div><\/div><\/div><\/div><\/div><\/div><\/div><div class=\"wpb_column vc_column_container vc_col-sm-6\"><div class=\"vc_column-inner\"><div class=\"wpb_wrapper\"><div class=\"vc_row wpb_row vc_inner vc_row-fluid\"><div class=\"wpb_column vc_column_container vc_col-sm-12\"><div class=\"vc_column-inner\"><div class=\"wpb_wrapper\">\n\t<div class=\"wpb_text_column wpb_content_element\" >\n\t\t<div class=\"wpb_wrapper\">\n\t\t\t<h4>Socialin\u0117s Atsakomyb\u0117s Politika<\/h4>\n<p><strong>&#8222;De Gilde Global Services&#8221; UAB<\/strong> pagrindinis veiklos principas \u2013 dirbti s\u0105\u017einingai, visada elgtis eti\u0161kai, tausoti aplink\u0105 ir kurti ilgalaikius ry\u0161ius su visomis interes\u0173 grup\u0117mis. Kadangi esame socialiai atsakinga \u012fmon\u0117, siekiame ne tik b\u016bti patraukl\u016bs savo darbuotojams, partneriams ir klientams, bet ir prisid\u0117ti prie visuomen\u0117s gerov\u0117s k\u016brimo.<\/p>\n<ul>\n<li>Tiek kiekvienas atskirai, tiek drauge su m\u016bs\u0173 partneriais ir darbuotojais jau\u010diame pareig\u0105 prisid\u0117ti prie bendruomen\u0117s stiprinimo, aplinkos gerinimo ir tvarios verslo pl\u0117tros.<\/li>\n<li>Mes suvokiame savo socialin\u0119 atsakomyb\u0119 u\u017e sprendim\u0173 ir veiklos poveik\u012f aplinkai bei visuomenei. M\u016bs\u0173 \u012fmon\u0117 priimdama sprendimus ir vykdydama veikl\u0105 atsi\u017evelgia \u012f suinteresuot\u0173 \u0161ali\u0173 l\u016bkes\u010dius, laikosi teis\u0117s akt\u0173 ir tarptautini\u0173 norm\u0173, prisideda prie darnios pl\u0117tros ir visuomen\u0117s gerov\u0117s k\u0117limo.<\/li>\n<li>Socialin\u0117s atsakomyb\u0117s princip\u0173 taikymas m\u016bs\u0173 veikloje padeda mums gerinti organizacijos veikl\u0105, stiprinti jos reputacij\u0105. Socialiai atsakinga organizacijos veikla stiprina darbuotoj\u0173 savigarb\u0105, pasitik\u0117jim\u0105, moral\u0119, didina j\u0173 motyvacij\u0105, padeda pritraukti, motyvuoti ir i\u0161saugoti darbuotojus.<\/li>\n<li>M\u016bs\u0173 socialin\u0117 atskaitomyb\u0117 apima \u0161ias kryptis: verslo etikos kodeks\u0105, korupcijos prevencij\u0105, teik\u0117j\u0173 elgesio kodeks\u0105, aplinkos tausojim\u0105, \u017emogaus teises, s\u0105\u017einingo verslo praktik\u0105, ry\u0161ius su bendruomene.<\/li>\n<\/ul>\n<p><strong>M\u016bs\u0173 darbo principai:<\/strong><\/p>\n<ul>\n<li>Mes dirbame klientams \u2013 si\u016blome atsakingas ir kokybi\u0161kas paslaugas, \u017einome, kad rad\u0119 geriausia sprendim\u0105, jie visada pas mus sugr\u012f\u0161;<\/li>\n<li>Pagarba \u017emogui \u2013 darbuotojai yra s\u0117kmingos veiklos pamatas, tod\u0117l palaikome \u0161iltus ir pagarbius santykius tiek su darbuotojais, tiek su klientais, kolegomis ir partneriais;<\/li>\n<li>M\u016bs\u0173 kult\u016bra \u2013 atsakomyb\u0117, susivienijimas bei nuolatinis noras tobul\u0117ti ir keistis, visa tai mums leid\u017eia b\u016bti lyderiais Lietuvos ir u\u017esienio rinkose;<\/li>\n<li>Dirbame profesionaliai \u2013 sukauptos \u017einios, \u012fgyta patirtis bei nuolatinis mokymasis mums leid\u017eia b\u016bti savo srities profesionalais.<\/li>\n<li>Esame atviri naujov\u0117ms, tod\u0117l \u017eengiame koja kojon su ateities technologijomis.<\/li>\n<\/ul>\n<p><strong>M\u016bs\u0173 tikslai:<\/strong><\/p>\n<ul>\n<li>U\u017etikrinti finansin\u012f \u012fmon\u0117s stabilum\u0105 ir pelning\u0105 veikl\u0105;<\/li>\n<li>Nuolat gerinti komunikacij\u0105 su klientais;<\/li>\n<li>U\u017etikrinti auk\u0161t\u0105 paslaug\u0173 kokyb\u0119;<\/li>\n<li>Nuolat analizuoti ir patenkinti klient\u0173 poreikius;<\/li>\n<li>U\u017etikrinti socialiai atsaking\u0105 \u012fmon\u0117s veikl\u0105;<\/li>\n<li>Skirti i\u0161skirtin\u012f d\u0117mes\u012f aplinkos apsaugai ir tar\u0161os prevencijai;<\/li>\n<li>Didinti darbuotoj\u0173 kompetencij\u0105, profesinio tobul\u0117jimo galimybes ir atsakomyb\u0119;<\/li>\n<li>Nuolat gerinti darbo s\u0105lygas ir darbuotoj\u0173 motyvacij\u0105;<\/li>\n<li>U\u017etikrinti saugias ir sveikas darbo s\u0105lygas;<\/li>\n<li>Ie\u0161koti inovatyvi\u0173 sprendim\u0173 kasdieniame darbe.<\/li>\n<\/ul>\n\n\t\t<\/div>\n\t<\/div>\n<\/div><\/div><\/div><\/div><\/div><\/div><\/div><\/div><div data-vc-full-width=\"true\" data-vc-full-width-init=\"false\" class=\"vc_row wpb_row vc_row-fluid vc_custom_1703758206485 vc_row-has-fill vc_row-o-content-middle vc_row-flex\"><div class=\"wpb_column vc_column_container vc_col-sm-6\"><div class=\"vc_column-inner\"><div class=\"wpb_wrapper\"><div class=\"vc_row wpb_row vc_inner vc_row-fluid vc_row-o-content-bottom vc_row-flex\"><div class=\"wpb_column vc_column_container vc_col-sm-12\"><div class=\"vc_column-inner\"><div class=\"wpb_wrapper\">\n\t<div class=\"wpb_text_column wpb_content_element\" >\n\t\t<div class=\"wpb_wrapper\">\n\t\t\t<h4>Aplinkosauga<\/h4>\n<p>Tai vienas i\u0161 pagrindini\u0173 \u012fmon\u0117s tvarios veiklos aspekt\u0173, kuris skatina mus \u012fdiegti priemones ir atlikti veiksmus, kurie u\u017etikrint\u0173 saugi\u0105 ir sveik\u0105 aplink\u0105 mums ir ateinan\u010dioms kartoms.<\/p>\n<ul>\n<li>Nuolat ie\u0161kome nauj\u0173, draugi\u0161k\u0173 gamtai ir aplinkai \u012franki\u0173 ir \u012frangos \u012fsigijim\u0105;<\/li>\n<li>Savo veikloje didiname ekologi\u0161k\u0173 priemoni\u0173 naudojim\u0105;<\/li>\n<li>Pastoviai nustatome savo veikloje reik\u0161mingus aspektus gamtai ir \u012fsipareigojame juos kiekvienais metais ma\u017einti;<\/li>\n<li>Atsakingai r\u016b\u0161iuojame atliekas, mokome ir skatiname t\u0105 daryti ne tik savo darbuotojus, bet ir klientus, kas leid\u017eia jiems suma\u017einti atliek\u0173 kiekius, sutaupyti atliek\u0173 i\u0161ve\u017eimo ka\u0161tus, skatina atsaking\u0105 vartojim\u0105 bei atsaking\u0105 po\u017ei\u016br\u012f \u012f gamt\u0105.<\/li>\n<\/ul>\n\n\t\t<\/div>\n\t<\/div>\n<\/div><\/div><\/div><\/div><\/div><\/div><\/div><div class=\"wpb_column vc_column_container vc_col-sm-6\"><div class=\"vc_column-inner\"><div class=\"wpb_wrapper\"><div class=\"vc_row wpb_row vc_inner vc_row-fluid\"><div class=\"wpb_column vc_column_container vc_col-sm-12\"><div class=\"vc_column-inner\"><div class=\"wpb_wrapper\">\n\t<div  class=\"wpb_single_image wpb_content_element vc_align_left\">\n\t\t\n\t\t<figure class=\"wpb_wrapper vc_figure\">\n\t\t\t<div class=\"vc_single_image-wrapper   vc_box_border_grey\"><img loading=\"lazy\" decoding=\"async\" width=\"2560\" height=\"1705\" src=\"https:\/\/globalservices.lt\/wp-content\/uploads\/2024\/01\/working-windmill-field-scaled.jpg\" class=\"vc_single_image-img attachment-full\" alt=\"\" title=\"A working windmill in a field\" srcset=\"https:\/\/globalservices.lt\/wp-content\/uploads\/2024\/01\/working-windmill-field-scaled.jpg 2560w, https:\/\/globalservices.lt\/wp-content\/uploads\/2024\/01\/working-windmill-field-300x200.jpg 300w, https:\/\/globalservices.lt\/wp-content\/uploads\/2024\/01\/working-windmill-field-1024x682.jpg 1024w, https:\/\/globalservices.lt\/wp-content\/uploads\/2024\/01\/working-windmill-field-768x511.jpg 768w, https:\/\/globalservices.lt\/wp-content\/uploads\/2024\/01\/working-windmill-field-1536x1023.jpg 1536w, https:\/\/globalservices.lt\/wp-content\/uploads\/2024\/01\/working-windmill-field-2048x1364.jpg 2048w, https:\/\/globalservices.lt\/wp-content\/uploads\/2024\/01\/working-windmill-field-18x12.jpg 18w, https:\/\/globalservices.lt\/wp-content\/uploads\/2024\/01\/working-windmill-field-1200x799.jpg 1200w\" sizes=\"auto, (max-width: 2560px) 100vw, 2560px\" \/><\/div>\n\t\t<\/figure>\n\t<\/div>\n<\/div><\/div><\/div><\/div><\/div><\/div><\/div><\/div><div class=\"vc_row-full-width vc_clearfix\"><\/div><div class=\"vc_row wpb_row vc_row-fluid\"><div class=\"wpb_column vc_column_container vc_col-sm-6\"><div class=\"vc_column-inner\"><div class=\"wpb_wrapper\"><div class=\"vc_row wpb_row vc_inner vc_row-fluid\"><div class=\"wpb_column vc_column_container vc_col-sm-12\"><div class=\"vc_column-inner\"><div class=\"wpb_wrapper\">\n\t<div class=\"wpb_text_column wpb_content_element\" >\n\t\t<div class=\"wpb_wrapper\">\n\t\t\t<h4>Sveikatos, saugos, aplinkosaugos ir kokyb\u0117s politika<\/h4>\n<p>&#8222;De Gilde Global Services&#8221; UAB vadovyb\u0117 suvokia savo atsakomyb\u0119, susijusi\u0105 su darbuotoj\u0173 sauga, sveikata, gerove ir aplinkosauga. \u012emonei yra svarbu:<\/p>\n<ul>\n<li>Visapusi\u0161kai \u012fvertinti suinteresuot\u0173j\u0173 \u0161ali\u0173 norus ir pageidavimus.<\/li>\n<li>Laiku ir kokybi\u0161kai vykdyti u\u017esakymus.<\/li>\n<li>Nuolat ma\u017einti \u012fmon\u0117s darom\u0105 neigiam\u0105 poveik\u012f aplinkai tiek, kiek tai \u012fmanoma i\u0161 ekonomin\u0117s pus\u0117s, siekti nuolatinio energinio efektyvumo gerinimo.<\/li>\n<li>U\u017etikrinti darbuotojams saugias ir nekenksmingas darbo s\u0105lygas, nuolat jas gerinti.<\/li>\n<\/ul>\n<p><strong>U\u017dDAVINIAI:<\/strong><\/p>\n<ul>\n<li>B\u016bti lanks\u010diais ir technologi\u0161kai inovatyviais.<\/li>\n<li>Pirmenyb\u0119 teikti toms priemon\u0117ms, kuriomis ma\u017einamas energijos poreikis.<\/li>\n<li>B\u016bti socialiai atsakingais ir patraukliais.<\/li>\n<li>Ugdyti darbuotoj\u0173 kompetencijas ir tobul\u0117ti.<\/li>\n<li>Identifikuoti ir nustatyti energijos s\u0105naud\u0173 ma\u017einimo galimybes ir tikslus.<\/li>\n<li>Tausoti aplink\u0105.<\/li>\n<li>Ypating\u0105 d\u0117mes\u012f skirti sprendiniams, kuriais yra ma\u017einamas energijos suvartojimas ir anglies dvideginio CO2 p\u0117dsakas.<\/li>\n<\/ul>\n\n\t\t<\/div>\n\t<\/div>\n<\/div><\/div><\/div><\/div><\/div><\/div><\/div><div class=\"wpb_column vc_column_container vc_col-sm-6\"><div class=\"vc_column-inner\"><div class=\"wpb_wrapper\"><div class=\"vc_row wpb_row vc_inner vc_row-fluid\"><div class=\"wpb_column vc_column_container vc_col-sm-12\"><div class=\"vc_column-inner\"><div class=\"wpb_wrapper\">\n\t<div class=\"wpb_text_column wpb_content_element\" >\n\t\t<div class=\"wpb_wrapper\">\n\t\t\t<p><strong>\u012eMON\u0116S VADOVYB\u0116 \u012eSIPAREIGOJA:<\/strong><\/p>\n<ul>\n<li>Vykdyti aplinkos tar\u0161os, \u017emoni\u0173 su\u017eeidimo bei susirgim\u0173 prevencij\u0105, skatinant ekologijos, energijos tausojimo ir saugos po\u017ei\u016briu pa\u017eangi\u0173 technologij\u0173 diegim\u0105.<\/li>\n<li>Skirti i\u0161teklius sistem\u0173 tobulinimui bei energijos naudojimo ma\u017einimo tiksl\u0173 pasiekimui.<\/li>\n<li>Atsi\u017evelgti \u012f tiek\u0117j\u0173 si\u016blomus produktus ir paslaugas \u012fvertinant j\u0173 energetin\u012f efektyvum\u0105.<\/li>\n<li>U\u017etikrinti \u012fmon\u0117s veiklos atitikt\u012f taikomiems nacionaliniams ir tarptautiniams teis\u0117s aktams, suinteresuot\u0173j\u0173 \u0161ali\u0173 l\u016bkes\u010diams, susijusiems su aplinkosauga, energetika, bei darbuotoj\u0173 sauga ir sveikata.<\/li>\n<li>Sudaryti s\u0105lygas darbuotojams sveikai , saugiai, kokybi\u0161kai, efektyviai ir na\u0161iai dirbti, u\u017etikrinant geranori\u0161ko bendradarbiavimo atmosfer\u0105.<\/li>\n<li>Sudaryti s\u0105lygas id\u0117j\u0173 ir pasi\u016blym\u0173 realizavimui, \u012fvertinant j\u0173 praktin\u0119 naud\u0105.<\/li>\n<li>Nuolat per\u017ei\u016br\u0117ti ir atnaujinti proces\u0173 vertinimo kriterijus, skatinan\u010dius energijos vartojimo efektyvinimo didinim\u0105, aplinkos apsaug\u0105, kokyb\u0119, darbuotoj\u0173 saug\u0105 ir sveikat\u0105, u\u017etikrinant skaidri\u0105 s\u0105veik\u0105 su suinteresuot\u0173j\u0173 \u0161ali\u0173 reikalavimais.<\/li>\n<\/ul>\n\n\t\t<\/div>\n\t<\/div>\n<\/div><\/div><\/div><\/div><\/div><\/div><\/div><\/div><div class=\"vc_row wpb_row vc_row-fluid vc_custom_1704286337399\"><div class=\"wpb_column vc_column_container vc_col-sm-12\"><div class=\"vc_column-inner\"><div class=\"wpb_wrapper\"><div class=\"vc_row wpb_row vc_inner vc_row-fluid\"><div class=\"wpb_column vc_column_container vc_col-sm-6\"><div class=\"vc_column-inner\"><div class=\"wpb_wrapper\"><div class=\"vc_btn3-container vc_btn3-center\" ><a style=\"background-color:#afca0b; color:#ffffff;\" class=\"vc_general vc_btn3 vc_btn3-size-md vc_btn3-shape-rounded vc_btn3-style-custom vc_btn3-block\" href=\"#0\" title=\"\">VIZIJA<\/a><\/div>\n\t<div class=\"wpb_text_column wpb_content_element\" >\n\t\t<div class=\"wpb_wrapper\">\n\t\t\t<p><strong>Ateitis:<\/strong><br \/>\nMes tikime, kad nepaisant poky\u010di\u0173 ir pl\u0117tros, specialist\u0173 vaidmuo visada liks svarbus.<\/p>\n<p><strong>Galimyb\u0117:<\/strong><br \/>\nDirbdami kartu siekiame pad\u0117ti \u012fgyvendinti J\u016bs\u0173 projektus, kuri\u0173 svarbiausia aspektas yra kvalifikuot\u0173 ir tinkam\u0173 specialist\u0173 panaudojimas.<\/p>\n<p><strong>Svajon\u0117:<\/strong><br \/>\nM\u016bs\u0173 svajon\u0117 yra tapti patikimiausiu \u017emogi\u0161k\u0173j\u0173 i\u0161tekli\u0173 valdymo partneriu ir s\u0117kmingai \u012fgyvendinti sud\u0117tingiausius J\u016bs\u0173 projektus.<\/p>\n<ul>\n<li>J\u016bs\u0173 s\u0117km\u0117 \u2013 m\u016bs\u0173 tikslas.<\/li>\n<\/ul>\n\n\t\t<\/div>\n\t<\/div>\n<\/div><\/div><\/div><div class=\"wpb_column vc_column_container vc_col-sm-6\"><div class=\"vc_column-inner\"><div class=\"wpb_wrapper\"><div class=\"vc_btn3-container vc_btn3-center\" ><a style=\"background-color:#00205b; color:#ffffff;\" class=\"vc_general vc_btn3 vc_btn3-size-md vc_btn3-shape-rounded vc_btn3-style-custom vc_btn3-block\" href=\"#0\" title=\"\">MISIJA<\/a><\/div>\n\t<div class=\"wpb_text_column wpb_content_element\" >\n\t\t<div class=\"wpb_wrapper\">\n\t\t\t<p><strong>Kas mes esame:<\/strong><br \/>\nMes esame laikinojo \u012fdarbinimo \u012fmon\u0117, tiekianti specialistus J\u016bs\u0173 projektams \u012fgyvendinti. M\u016bs\u0173 kiekvienos dienos prioritetas yra gerinti paslaug\u0173 kokyb\u0119.<\/p>\n<p><strong>K\u0105 mes darom:<\/strong><br \/>\nBendradarbiaudami su Jumis, mes atliekame i\u0161sam\u0173 J\u016bs\u0173 \u012fmon\u0117s poreiki\u0173 analiz\u0119, kad sukurtume ai\u0161k\u0173 ie\u0161kom\u0173 darbuotoj\u0173 profilius ir gal\u0117tume pasi\u016blyti reikiam\u0105 kvalifikacij\u0105 atitinkan\u010dius darbuotojus.<\/p>\n<p><strong>K\u0105 norime pasiekti:<\/strong><br \/>\nSu turim\u0173 specialist\u0173 pagalba, siekiame b\u016bti geriausiu partneriu padedant \u012fgyvendinti J\u016bs\u0173 projektus.<\/p>\n<p><strong>M\u016bs\u0173 pagrindin\u0117s vertyb\u0117s:<\/strong><\/p>\n<ul>\n<li>Entuziazmas<\/li>\n<li>Susikaupimas<\/li>\n<li>D\u0117mesys<\/li>\n<li>Kompetencija<\/li>\n<\/ul>\n\n\t\t<\/div>\n\t<\/div>\n<\/div><\/div><\/div><\/div><\/div><\/div><\/div><\/div>\n<\/div>","protected":false},"excerpt":{"rendered":"Kiekvien\u0105 dien\u0105 dirbame su aistra, pad\u0117dami savo klientams \u012fgyvendinti sud\u0117tingiausius projektus, kuri\u0173 svarbiausias aspektas yra kvalifikuot\u0173 ir tinkam\u0173 specialist\u0173 panaudojimas.","protected":false},"author":1,"featured_media":0,"parent":0,"menu_order":0,"comment_status":"closed","ping_status":"closed","template":"","meta":{"footnotes":""},"class_list":["post-781","page","type-page","status-publish","hentry"],"_links":{"self":[{"href":"https:\/\/globalservices.lt\/en\/wp-json\/wp\/v2\/pages\/781","targetHints":{"allow":["GET"]}}],"collection":[{"href":"https:\/\/globalservices.lt\/en\/wp-json\/wp\/v2\/pages"}],"about":[{"href":"https:\/\/globalservices.lt\/en\/wp-json\/wp\/v2\/types\/page"}],"author":[{"embeddable":true,"href":"https:\/\/globalservices.lt\/en\/wp-json\/wp\/v2\/users\/1"}],"replies":[{"embeddable":true,"href":"https:\/\/globalservices.lt\/en\/wp-json\/wp\/v2\/comments?post=781"}],"version-history":[{"count":47,"href":"https:\/\/globalservices.lt\/en\/wp-json\/wp\/v2\/pages\/781\/revisions"}],"predecessor-version":[{"id":32362,"href":"https:\/\/globalservices.lt\/en\/wp-json\/wp\/v2\/pages\/781\/revisions\/32362"}],"wp:attachment":[{"href":"https:\/\/globalservices.lt\/en\/wp-json\/wp\/v2\/media?parent=781"}],"curies":[{"name":"wp","href":"https:\/\/api.w.org\/{rel}","templated":true}]}}